{"id":23918,"date":"2024-02-15T15:34:01","date_gmt":"2024-02-15T20:34:01","guid":{"rendered":"https:\/\/galerie.uqam.ca\/?page_id=23918"},"modified":"2024-04-06T13:37:13","modified_gmt":"2024-04-06T17:37:13","slug":"accessibility","status":"publish","type":"page","link":"https:\/\/galerie.uqam.ca\/en\/accessibility\/","title":{"rendered":"Accessibility"},"content":{"rendered":"\n<div class=\"wp-block-group is-content-justification-space-between is-nowrap is-layout-flex wp-container-core-group-is-layout-0dfbf163 wp-block-group-is-layout-flex\">\n<div class=\"wp-block-buttons is-layout-flex wp-block-buttons-is-layout-flex\">\n<div class=\"wp-block-button is-style-outline is-style-outline--1\"><a class=\"wp-block-button__link has-black-color has-text-color wp-element-button\" href=\"#during-your-visit\">During your visit<\/a><\/div>\n<\/div>\n\n\n\n<div class=\"wp-block-buttons is-layout-flex wp-block-buttons-is-layout-flex\">\n<div class=\"wp-block-button is-style-outline is-style-outline--2\"><a class=\"wp-block-button__link has-black-color has-text-color wp-element-button\" href=\"#disability-diversity\">Disability diversity<\/a><\/div>\n<\/div>\n\n\n\n<div class=\"wp-block-buttons is-layout-flex wp-block-buttons-is-layout-flex\">\n<div class=\"wp-block-button is-style-outline is-style-outline--3\"><a class=\"wp-block-button__link has-black-color has-text-color wp-element-button\" href=\"#accessible-content\">Accessible content<\/a><\/div>\n<\/div>\n<\/div>\n\n\n\n<div style=\"height:50px\" aria-hidden=\"true\" class=\"wp-block-spacer\"><\/div>\n\n\n\n<div class=\"wp-block-group\"><div class=\"wp-block-group__inner-container is-layout-constrained wp-block-group-is-layout-constrained\">\n<div class=\"wp-block-group\"><div class=\"wp-block-group__inner-container is-layout-constrained wp-block-group-is-layout-constrained\">\n<div class=\"wp-block-group\"><div class=\"wp-block-group__inner-container is-layout-constrained wp-block-group-is-layout-constrained\">\n<div class=\"wp-block-columns is-layout-flex wp-container-core-columns-is-layout-9d6595d7 wp-block-columns-is-layout-flex\">\n<div class=\"wp-block-column is-layout-flow wp-block-column-is-layout-flow\">\n<figure class=\"wp-block-image size-large is-resized\"><img loading=\"lazy\" decoding=\"async\" src=\"https:\/\/galerie.uqam.ca\/wp-content\/uploads\/\/GUQAM_Vue-exterieure_2-469x704.jpg\" alt=\"L\u2019entr\u00e9e de la Galerie vue de l\u2019ext\u00e9rieur. Le b\u00e2timent en brique porte une enseigne de l\u2019UQAM sur sa fa\u00e7ade.\" class=\"wp-image-23873\" width=\"352\" height=\"528\" srcset=\"https:\/\/galerie.uqam.ca\/wp-content\/uploads\/GUQAM_Vue-exterieure_2-469x704.jpg 469w, https:\/\/galerie.uqam.ca\/wp-content\/uploads\/GUQAM_Vue-exterieure_2-468x702.jpg 468w, https:\/\/galerie.uqam.ca\/wp-content\/uploads\/GUQAM_Vue-exterieure_2-204x306.jpg 204w, https:\/\/galerie.uqam.ca\/wp-content\/uploads\/GUQAM_Vue-exterieure_2-1024x1536.jpg 1024w, https:\/\/galerie.uqam.ca\/wp-content\/uploads\/GUQAM_Vue-exterieure_2-1365x2048.jpg 1365w, https:\/\/galerie.uqam.ca\/wp-content\/uploads\/GUQAM_Vue-exterieure_2-336x504.jpg 336w, https:\/\/galerie.uqam.ca\/wp-content\/uploads\/GUQAM_Vue-exterieure_2.jpg 1408w\" sizes=\"auto, (max-width: 352px) 100vw, 352px\" \/><\/figure>\n<\/div>\n\n\n\n<div class=\"wp-block-column is-layout-flow wp-block-column-is-layout-flow\">\n<p>Plan your visit to the Galerie de l&#8217;UQAM.<\/p>\n\n\n\n<p>The Galerie de l&#8217;UQAM is committed to improving the accessibility of its spaces for all.<\/p>\n\n\n\n<p>If you have any questions or comments regarding the Galerie de l&#8217;UQAM and accessibility, please reach out to us at <a href=\"mailto:galerie@uqam.ca\" target=\"_blank\" rel=\"noreferrer noopener\">galerie@uqam.ca<\/a><\/p>\n<\/div>\n<\/div>\n\n\n\n<div style=\"height:25px\" aria-hidden=\"true\" class=\"wp-block-spacer\"><\/div>\n\n\n\n<div class=\"wp-block-group\"><div class=\"wp-block-group__inner-container is-layout-constrained wp-block-group-is-layout-constrained\">\n<h4 class=\"wp-block-heading\"><strong><strong>Mandate of the Galerie de l&#8217;UQAM in Quebec Sign Language (LSQ)<\/strong><\/strong><\/h4>\n\n\n\n<div style=\"height:10px\" aria-hidden=\"true\" class=\"wp-block-spacer\"><\/div>\n\n\n\n<figure class=\"wp-block-embed is-type-video is-provider-vimeo wp-block-embed-vimeo wp-embed-aspect-16-9 wp-has-aspect-ratio\"><div class=\"wp-block-embed__wrapper\">\n<iframe loading=\"lazy\" title=\"Galerie de l&#039;UQAM - Mandat en langue des signes qu\u00e9b\u00e9coise (LSQ)\" src=\"https:\/\/player.vimeo.com\/video\/289572125?dnt=1&amp;app_id=122963\" width=\"500\" height=\"281\" frameborder=\"0\" allow=\"autoplay; fullscreen; picture-in-picture; clipboard-write\"><\/iframe>\n<\/div><\/figure>\n<\/div><\/div>\n<\/div><\/div>\n<\/div><\/div>\n\n\n\n<div style=\"height:10px\" aria-hidden=\"true\" class=\"wp-block-spacer\"><\/div>\n\n\n\n<div class=\"wp-block-group\"><div class=\"wp-block-group__inner-container is-layout-constrained wp-block-group-is-layout-constrained\">\n<h3 class=\"wp-block-heading\" id=\"block-e856bbd9-b167-4b13-abb7-58d1f42627d5\"><strong>Free<\/strong><\/h3>\n\n\n\n<p id=\"block-09d43f9e-4787-4865-9648-9a17f5d462a1\">Entry to the Galerie de l&#8217;UQAM is free.<\/p>\n<\/div><\/div>\n\n\n\n<div class=\"wp-block-group\"><div class=\"wp-block-group__inner-container is-layout-constrained wp-block-group-is-layout-constrained\">\n<div class=\"wp-block-group\"><div class=\"wp-block-group__inner-container is-layout-constrained wp-block-group-is-layout-constrained\">\n<h3 class=\"wp-block-heading\" id=\"block-d3a97e5b-2d79-4782-86ea-19fa5705f401\"><strong><strong>Address and entrance<\/strong><\/strong><\/h3>\n\n\n\n<div style=\"height:10px\" aria-hidden=\"true\" class=\"wp-block-spacer\"><\/div>\n\n\n\n<figure class=\"wp-block-gallery has-nested-images columns-default is-cropped wp-block-gallery-4 is-layout-flex wp-block-gallery-is-layout-flex\">\n<figure class=\"wp-block-image size-large\"><a href=\"https:\/\/galerie.uqam.ca\/wp-content\/uploads\/\/GUQAM_Vue-exterieure_1-1056x704.jpg\" target=\"_blank\" rel=\"noreferrer noopener\"><img loading=\"lazy\" decoding=\"async\" width=\"1056\" height=\"704\" data-id=\"23883\" src=\"https:\/\/galerie.uqam.ca\/wp-content\/uploads\/\/GUQAM_Vue-exterieure_1-1056x704.jpg\" alt=\"L\u2019entr\u00e9e de la Galerie de l\u2019UQAM vue de l\u2019ext\u00e9rieur. Le b\u00e2timent en brique porte une enseigne de l\u2019UQAM sur sa fa\u00e7ade.\" class=\"wp-image-23883\" srcset=\"https:\/\/galerie.uqam.ca\/wp-content\/uploads\/GUQAM_Vue-exterieure_1-1056x704.jpg 1056w, https:\/\/galerie.uqam.ca\/wp-content\/uploads\/GUQAM_Vue-exterieure_1-468x312.jpg 468w, https:\/\/galerie.uqam.ca\/wp-content\/uploads\/GUQAM_Vue-exterieure_1-204x136.jpg 204w, https:\/\/galerie.uqam.ca\/wp-content\/uploads\/GUQAM_Vue-exterieure_1-1536x1024.jpg 1536w, https:\/\/galerie.uqam.ca\/wp-content\/uploads\/GUQAM_Vue-exterieure_1-2048x1365.jpg 2048w, https:\/\/galerie.uqam.ca\/wp-content\/uploads\/GUQAM_Vue-exterieure_1-336x224.jpg 336w\" sizes=\"auto, (max-width: 1056px) 100vw, 1056px\" \/><\/a><figcaption class=\"wp-element-caption\">View from outside<\/figcaption><\/figure>\n\n\n\n<figure class=\"wp-block-image size-large\"><a href=\"https:\/\/galerie.uqam.ca\/wp-content\/uploads\/\/GUQAM_portes-entree-1-1056x704.jpg\" target=\"_blank\" rel=\"noreferrer noopener\"><img loading=\"lazy\" decoding=\"async\" width=\"1056\" height=\"704\" data-id=\"23879\" src=\"https:\/\/galerie.uqam.ca\/wp-content\/uploads\/\/GUQAM_portes-entree-1-1056x704.jpg\" alt=\"L\u2019entr\u00e9e de la Galerie \u00e0 l\u2019int\u00e9rieur de l\u2019UQAM, avec ses portes ouvertes.\" class=\"wp-image-23879\" srcset=\"https:\/\/galerie.uqam.ca\/wp-content\/uploads\/GUQAM_portes-entree-1-1056x704.jpg 1056w, https:\/\/galerie.uqam.ca\/wp-content\/uploads\/GUQAM_portes-entree-1-468x312.jpg 468w, https:\/\/galerie.uqam.ca\/wp-content\/uploads\/GUQAM_portes-entree-1-204x136.jpg 204w, https:\/\/galerie.uqam.ca\/wp-content\/uploads\/GUQAM_portes-entree-1-1536x1024.jpg 1536w, https:\/\/galerie.uqam.ca\/wp-content\/uploads\/GUQAM_portes-entree-1-2048x1365.jpg 2048w, https:\/\/galerie.uqam.ca\/wp-content\/uploads\/GUQAM_portes-entree-1-336x224.jpg 336w\" sizes=\"auto, (max-width: 1056px) 100vw, 1056px\" \/><\/a><figcaption class=\"wp-element-caption\">Entrance to Galerie de l&#8217;UQAM<\/figcaption><\/figure>\n\n\n\n<figure class=\"wp-block-image size-large\"><a href=\"https:\/\/galerie.uqam.ca\/wp-content\/uploads\/\/GUQAM_kiosque_accueil-1-1056x704.jpg\"><img loading=\"lazy\" decoding=\"async\" width=\"1056\" height=\"704\" data-id=\"23881\" src=\"https:\/\/galerie.uqam.ca\/wp-content\/uploads\/\/GUQAM_kiosque_accueil-1-1056x704.jpg\" alt=\"Le bureau d\u2019accueil blanc, situ\u00e9 pr\u00e8s de la porte d\u2019entr\u00e9e, avec une chaise orange, et des pr\u00e9sentoirs contenant les publications en vente \u00e0 la Galerie.\" class=\"wp-image-23881\" srcset=\"https:\/\/galerie.uqam.ca\/wp-content\/uploads\/GUQAM_kiosque_accueil-1-1056x704.jpg 1056w, https:\/\/galerie.uqam.ca\/wp-content\/uploads\/GUQAM_kiosque_accueil-1-468x312.jpg 468w, https:\/\/galerie.uqam.ca\/wp-content\/uploads\/GUQAM_kiosque_accueil-1-204x136.jpg 204w, https:\/\/galerie.uqam.ca\/wp-content\/uploads\/GUQAM_kiosque_accueil-1-1536x1024.jpg 1536w, https:\/\/galerie.uqam.ca\/wp-content\/uploads\/GUQAM_kiosque_accueil-1-2048x1365.jpg 2048w, https:\/\/galerie.uqam.ca\/wp-content\/uploads\/GUQAM_kiosque_accueil-1-336x224.jpg 336w\" sizes=\"auto, (max-width: 1056px) 100vw, 1056px\" \/><\/a><figcaption class=\"wp-element-caption\">Welcome desk<\/figcaption><\/figure>\n<\/figure>\n\n\n\n<div style=\"height:10px\" aria-hidden=\"true\" class=\"wp-block-spacer\"><\/div>\n\n\n\n<p id=\"block-39fa68b7-4da9-4c7c-8020-92c069347de6\">The Galerie de l&#8217;UQAM is accessible from the entrance located at 1400 rue Berri, in room J-R120, on the first floor of UQAM&#8217;s Pavillon Judith-Jasmin.<\/p>\n\n\n\n<p>There is a drop-off point for paratransit on Sainte-Catherine street.<\/p>\n\n\n\n<p><a href=\"https:\/\/plancampus.uqam.ca\/#pointsdinteret\/debarcaderes\" target=\"_blank\" rel=\"noreferrer noopener\">Consult UQAM&#8217;s map for the location of the drop-off points.<\/a><\/p>\n<\/div><\/div>\n<\/div><\/div>\n\n\n\n<div class=\"wp-block-group\"><div class=\"wp-block-group__inner-container is-layout-constrained wp-block-group-is-layout-constrained\">\n<div class=\"wp-block-group\"><div class=\"wp-block-group__inner-container is-layout-constrained wp-block-group-is-layout-constrained\">\n<h3 class=\"wp-block-heading\" id=\"block-2bad0ca7-9968-4ca0-89b7-4b7c64a48365\"><strong>Public transport<\/strong><\/h3>\n\n\n\n<p id=\"block-49faf9c6-c5bc-465c-9afe-5724271c335b\"><strong>Metro<\/strong><br>Green, orange and yellow lines: Berri-UQAM station<\/p>\n\n\n\n<p id=\"block-87d3cd33-9d6c-41b1-8eb9-a334468cf5a3\"><strong>STM buses<br><\/strong>15, 30, 358, 361, 427, 715, 747<\/p>\n\n\n\n<p id=\"block-d381ac4d-8b2b-4f48-96da-241afc2574d2\"><a href=\"https:\/\/www.stm.info\/en\" target=\"_blank\" rel=\"noreferrer noopener\">STM planner.<\/a><\/p>\n<\/div><\/div>\n<\/div><\/div>\n\n\n\n<div class=\"wp-block-group\"><div class=\"wp-block-group__inner-container is-layout-constrained wp-block-group-is-layout-constrained\">\n<h3 class=\"wp-block-heading\" id=\"block-4743df72-739d-42ae-9258-408931b88e0f\"><strong>Parking<\/strong><\/h3>\n\n\n\n<p id=\"block-8ca04b49-d8fa-4039-ace3-dab8e573e4e0\">Three indoor parking lots are accessible 24\/7 at UQAM. Several spaces are reserved for people with reduced mobility in UQAM&#8217;s indoor parking lots.<\/p>\n\n\n\n<p><a href=\"https:\/\/stationnements.uqam.ca\/services-offerts\/stationnements\/\" target=\"_blank\" rel=\"noreferrer noopener\">See UQAM&#8217;s page for more information on parking.<\/a><\/p>\n\n\n\n<p>Paid on-street parking is also available at several locations in the area. For more information, visit the <a href=\"https:\/\/www.agencemobilitedurable.ca\/en\/parking\/paid-on-street-parking\" target=\"_blank\" rel=\"noreferrer noopener\">Stationnement Montr\u00e9al website<\/a>.<\/p>\n<\/div><\/div>\n\n\n\n<div style=\"height:50px\" aria-hidden=\"true\" class=\"wp-block-spacer\"><\/div>\n\n\n\n<h2 class=\"wp-block-heading\" id=\"during-your-visit\">During your visit<\/h2>\n\n\n\n<p>Seats are available at the exhibition entrance, and folding chairs can be provided on request at reception.<\/p>\n\n\n\n<p>The Galerie offers temporary access to UQAM Wi-Fi. Instructions on how to connect are available at reception.<\/p>\n\n\n\n<div class=\"wp-block-group\"><div class=\"wp-block-group__inner-container is-layout-constrained wp-block-group-is-layout-constrained\">\n<h3 class=\"wp-block-heading\" id=\"block-dfe1811a-4bf0-4e23-9b13-115187a0cdec\"><strong>Checkroom<\/strong><\/h3>\n\n\n\n<p>The Galerie offers visitors a free, unlocked, self-service checkroom. <br>It is possible to walk through the exhibition rooms with a medium-sized handbag or small backpack.<br>Please note that we are not responsible for lost, damaged or stolen items. In the event of loss or theft, please contact UQAM&#8217;s <a href=\"https:\/\/sps.uqam.ca\/services-offerts\/objets-perdus-ou-trouves\/\" target=\"_blank\" rel=\"noreferrer noopener\">Prevention and Security Department<\/a>.<\/p>\n<\/div><\/div>\n\n\n\n<div class=\"wp-block-group\"><div class=\"wp-block-group__inner-container is-layout-constrained wp-block-group-is-layout-constrained\">\n<h3 class=\"wp-block-heading\" id=\"block-9a73a2bb-c354-475e-ad60-20b11763349f\"><strong>Food<\/strong><\/h3>\n\n\n\n<p id=\"block-1aea1bd5-9d07-457e-9231-a4dbcbef9558\">Food and beverages are not permitted in the exhibition spaces.<\/p>\n<\/div><\/div>\n\n\n\n<div class=\"wp-block-group\"><div class=\"wp-block-group__inner-container is-layout-constrained wp-block-group-is-layout-constrained\">\n<h3 class=\"wp-block-heading\" id=\"block-7ce66745-8aea-40bf-ac56-26c34cffcab8\"><strong>Artworks<\/strong><\/h3>\n\n\n\n<p id=\"block-2715ab7a-b5d2-4386-9677-60b70ea6b6d3\">All our rooms are equipped with video cameras. Please do not touch the artworks unless otherwise indicated.<\/p>\n<\/div><\/div>\n\n\n\n<div class=\"wp-block-group\"><div class=\"wp-block-group__inner-container is-layout-constrained wp-block-group-is-layout-constrained\">\n<h3 class=\"wp-block-heading\" id=\"block-f57ae907-efd0-411c-93cc-612ef8f067b0\"><strong>Cameras<\/strong><\/h3>\n\n\n\n<p>Photographs may be taken in the showrooms for personal use. However, the use of flash or tripods is not permitted.<br>For all requests concerning photography for public use, please contact the Mediation and Communications Manager at <a href=\"mailto:lanthier-lapierre.lea@uqam.ca\" target=\"_blank\" rel=\"noreferrer noopener\">lanthier-lapierre.lea@uqam.ca<\/a>.<\/p>\n\n\n\n<p>During events at the Galerie de l&#8217;UQAM, photographs and videos may be taken for documentation purposes. When people appear in images, we try to take photos with visitors from behind whenever possible. Please do not hesitate to contact us if you have any questions.<\/p>\n<\/div><\/div>\n\n\n\n<h3 class=\"wp-block-heading\" id=\"block-f06feb95-99d5-48a2-928b-9fc579c14677\">Restrooms<\/h3>\n\n\n\n<p>Restrooms at UQAM are equipped with a UQAM ID card reader for access. If you don&#8217;t have a UQAM card, you can borrow one from the Galerie de l&#8217;UQAM at the reception desk.<\/p>\n\n\n\n<div style=\"height:10px\" aria-hidden=\"true\" class=\"wp-block-spacer\"><\/div>\n\n\n\n<figure class=\"wp-block-image is-resized\" id=\"block-157b2c35-1d11-4a46-9dbc-a218c2037500\"><a href=\"https:\/\/galerie.uqam.ca\/wp-content\/uploads\/\/plan_chemin_toilettes-463x704.jpg\" target=\"_blank\" rel=\"noreferrer noopener\"><img loading=\"lazy\" decoding=\"async\" src=\"https:\/\/galerie.uqam.ca\/wp-content\/uploads\/\/plan_chemin_toilettes-463x704.jpg\" alt=\"Un plan montrant un d\u00e9tail du pavillon Judith-Jasmin de l\u2019UQAM, au rez-de-chauss\u00e9e, indiquant le chemin de la Galerie vers la toilette \u00e0 proximit\u00e9 de celle-ci.\" width=\"347\" height=\"528\" title=\"Un plan montrant un d\u00e9tail du pavillon Judith-Jasmin de l\u2019UQAM, au rez-de-chauss\u00e9e, indiquant le chemin de la Galerie vers la toilette \u00e0 proximit\u00e9 de celle-ci.\"\/><\/a><figcaption class=\"wp-element-caption\">Map showing the way to the nearest toilets in the Pavillon Judith-Jasmin.<\/figcaption><\/figure>\n\n\n\n<div style=\"height:10px\" aria-hidden=\"true\" class=\"wp-block-spacer\"><\/div>\n\n\n\n<ul class=\"wp-block-list\">\n<li><a href=\"https:\/\/plancampus.uqam.ca\/#pointsdinteret\/toilettes_inclusives\" target=\"_blank\" rel=\"noreferrer noopener\">Locations of gender-neutral toilets at UQAM.<\/a><\/li>\n\n\n\n<li><a href=\"https:\/\/plancampus.uqam.ca\/#pointsdinteret\/tables_a_langer\" target=\"_blank\" rel=\"noreferrer noopener\">Locations of changing tables at UQAM.<\/a><\/li>\n<\/ul>\n\n\n\n<div style=\"height:25px\" aria-hidden=\"true\" class=\"wp-block-spacer\"><\/div>\n\n\n\n<div class=\"wp-block-group\"><div class=\"wp-block-group__inner-container is-layout-constrained wp-block-group-is-layout-constrained\">\n<div class=\"wp-block-group\"><div class=\"wp-block-group__inner-container is-layout-constrained wp-block-group-is-layout-constrained\">\n<h3 class=\"wp-block-heading\" id=\"disability-diversity\">People with reduced mobility and of the Disability diversity<\/h3>\n\n\n\n<p>The Galerie meets the requirements of <a href=\"https:\/\/www.keroul.qc.ca\/en\/establishment\/montreal\/attrait\/6300-galerie-de-l-uqam.html?01_100=\" target=\"_blank\" rel=\"noreferrer noopener\">K\u00e9roul<\/a>, a non-profit organization which promotes accessible tourism and culture. The building is accessible and adapted to the needs of wheelchair users (exhibition rooms, elevators, toilets).<\/p>\n\n\n\n<div style=\"height:10px\" aria-hidden=\"true\" class=\"wp-block-spacer\"><\/div>\n\n\n\n<figure class=\"wp-block-gallery has-nested-images columns-default is-cropped wp-block-gallery-5 is-layout-flex wp-block-gallery-is-layout-flex\">\n<figure class=\"wp-block-image size-large\"><a href=\"https:\/\/galerie.uqam.ca\/wp-content\/uploads\/\/GUQAM_acces_grande-salle_1-939x704.jpeg\" target=\"_blank\" rel=\"noreferrer noopener\"><img loading=\"lazy\" decoding=\"async\" width=\"939\" height=\"704\" data-id=\"23894\" src=\"https:\/\/galerie.uqam.ca\/wp-content\/uploads\/\/GUQAM_acces_grande-salle_1-939x704.jpeg\" alt=\"\" class=\"wp-image-23894\" srcset=\"https:\/\/galerie.uqam.ca\/wp-content\/uploads\/GUQAM_acces_grande-salle_1-939x704.jpeg 939w, https:\/\/galerie.uqam.ca\/wp-content\/uploads\/GUQAM_acces_grande-salle_1-468x351.jpeg 468w, https:\/\/galerie.uqam.ca\/wp-content\/uploads\/GUQAM_acces_grande-salle_1-204x153.jpeg 204w, https:\/\/galerie.uqam.ca\/wp-content\/uploads\/GUQAM_acces_grande-salle_1-1536x1152.jpeg 1536w, https:\/\/galerie.uqam.ca\/wp-content\/uploads\/GUQAM_acces_grande-salle_1-336x252.jpeg 336w, https:\/\/galerie.uqam.ca\/wp-content\/uploads\/GUQAM_acces_grande-salle_1.jpeg 1877w\" sizes=\"auto, (max-width: 939px) 100vw, 939px\" \/><\/a><figcaption class=\"wp-element-caption\">The 8-step concrete staircase, with ramp to the large exhibition room and chairs that are available at the reception.<\/figcaption><\/figure>\n\n\n\n<figure class=\"wp-block-image size-large\"><a href=\"https:\/\/galerie.uqam.ca\/wp-content\/uploads\/\/GUQAM_acces_grande-salle_2-939x704.jpeg\" target=\"_blank\" rel=\"noreferrer noopener\"><img loading=\"lazy\" decoding=\"async\" width=\"939\" height=\"704\" data-id=\"23892\" src=\"https:\/\/galerie.uqam.ca\/wp-content\/uploads\/\/GUQAM_acces_grande-salle_2-939x704.jpeg\" alt=\"\" class=\"wp-image-23892\" srcset=\"https:\/\/galerie.uqam.ca\/wp-content\/uploads\/GUQAM_acces_grande-salle_2-939x704.jpeg 939w, https:\/\/galerie.uqam.ca\/wp-content\/uploads\/GUQAM_acces_grande-salle_2-468x351.jpeg 468w, https:\/\/galerie.uqam.ca\/wp-content\/uploads\/GUQAM_acces_grande-salle_2-204x153.jpeg 204w, https:\/\/galerie.uqam.ca\/wp-content\/uploads\/GUQAM_acces_grande-salle_2-1536x1152.jpeg 1536w, https:\/\/galerie.uqam.ca\/wp-content\/uploads\/GUQAM_acces_grande-salle_2-336x252.jpeg 336w, https:\/\/galerie.uqam.ca\/wp-content\/uploads\/GUQAM_acces_grande-salle_2.jpeg 1877w\" sizes=\"auto, (max-width: 939px) 100vw, 939px\" \/><\/a><figcaption class=\"wp-element-caption\">The opposite end of the access ramp.<\/figcaption><\/figure>\n<\/figure>\n\n\n\n<div style=\"height:10px\" aria-hidden=\"true\" class=\"wp-block-spacer\"><\/div>\n\n\n\n<p id=\"block-ebca1270-f2c8-4faf-923a-5817a7ad95d5\">Inside the Gallery, there is an access ramp as well as an 8-step staircase to the larger exhibition room.<\/p>\n\n\n\n<h4 class=\"wp-block-heading\"><strong>Service animals<\/strong><\/h4>\n\n\n\n<p>Guide dogs and service dogs are welcome.<\/p>\n<\/div><\/div>\n<\/div><\/div>\n\n\n\n<div style=\"height:50px\" aria-hidden=\"true\" class=\"wp-block-spacer\"><\/div>\n\n\n\n<div class=\"wp-block-group\"><div class=\"wp-block-group__inner-container is-layout-constrained wp-block-group-is-layout-constrained\">\n<h2 class=\"wp-block-heading\" id=\"block-af4e9573-b831-47be-b873-863152ccc5c6\">Website accessibility<\/h2>\n\n\n\n<p>To find out more about website accessibility, <a href=\"https:\/\/uqam.ca\/siteweb\/accessibilite\/\" target=\"_blank\" rel=\"noreferrer noopener\">please consult UQAM&#8217;s policy<\/a>.<\/p>\n\n\n\n<p>The Galerie de l&#8217;UQAM is aware of the issues related to accessibility on the Internet and of the importance of ensuring that everyone has the same access to the information and services available on its website. Continuous improvement of the site&#8217;s accessibility is ongoing, so that its current and future content gradually meets the requirements of the Quebec government&#8217;s accessibility standards.<\/p>\n\n\n\n<h3 class=\"wp-block-heading\">Help us improve our website<\/h3>\n\n\n\n<p>Help us make our website more accessible or user-friendly by:<\/p>\n\n\n\n<ul class=\"wp-block-list\">\n<li>reporting any difficulties you encounter using it;<\/li>\n\n\n\n<li>telling us of any problematic aspects;<\/li>\n\n\n\n<li>giving us feedback;<\/li>\n\n\n\n<li>making recommendations.<\/li>\n<\/ul>\n\n\n\n<p>As the Galerie de l&#8217;UQAM is committed to an active process of improvement, all comments received will be duly considered. Please send them to the following address: <a href=\"mailto:galerie@uqam.ca\" target=\"_blank\" rel=\"noreferrer noopener\">galerie@uqam.ca<\/a><\/p>\n<\/div><\/div>\n\n\n\n<div style=\"height:50px\" aria-hidden=\"true\" class=\"wp-block-spacer\"><\/div>\n\n\n\n<div class=\"wp-block-group\"><div class=\"wp-block-group__inner-container is-layout-constrained wp-block-group-is-layout-constrained\">\n<h2 class=\"wp-block-heading\">Useful links<\/h2>\n\n\n\n<ul class=\"wp-block-list\">\n<li><a href=\"https:\/\/www.keroul.qc.ca\/en\/establishment\/montreal\/attrait\/6300-galerie-de-l-uqam.html?01_100=\" target=\"_blank\" rel=\"noreferrer noopener\">Consult K\u00e9roul&#8217;s detailed sheet.<\/a><\/li>\n\n\n\n<li><a href=\"https:\/\/plancampus.uqam.ca\/#pointsdinteret\/rampes_acces\" target=\"_blank\" rel=\"noreferrer noopener\">Locations of the accessible entrances at UQAM.<\/a><\/li>\n\n\n\n<li><a href=\"https:\/\/galerie.uqam.ca\/en\/contact\/floor-plans\/\" target=\"_blank\" rel=\"noreferrer noopener\">Floor plan of the Galerie de l&#8217;UQAM.<\/a><\/li>\n\n\n\n<li><a href=\"https:\/\/plancampus.uqam.ca\/#pointsdinteret\/locaux_allaitement\" target=\"_blank\" rel=\"noreferrer noopener\">Locations of breast-feeding sites at UQAM.<\/a><\/li>\n<\/ul>\n<\/div><\/div>\n\n\n\n<div style=\"height:50px\" aria-hidden=\"true\" class=\"wp-block-spacer\"><\/div>\n\n\n\n<div class=\"wp-block-group\"><div class=\"wp-block-group__inner-container is-layout-constrained wp-block-group-is-layout-constrained\">\n<h2 class=\"wp-block-heading\" id=\"block-51ded030-ce24-4496-8a3e-03a98dbe10ea\"><strong>Educational program<\/strong><\/h2>\n\n\n\n<p id=\"block-c20ff0cc-300b-4523-99d4-57121e7700ce\"><a href=\"https:\/\/galerie.uqam.ca\/en\/educational-program\/\">Discover our educational program.<\/a><\/p>\n\n\n\n<p id=\"block-aa193400-7f5e-4110-953b-57ca2e4a952c\">The Galerie de l&#8217;UQAM&#8217;s mission is to be an inclusive, welcoming and open space, encouraging encounters and exchanges, where all forms of expression related to art are presented. Our gallery aims to encourage access to culture for all, by offering everyone the opportunity to participate in our services and activities.<\/p>\n\n\n\n<p id=\"block-63cf359e-93cf-4495-a210-c107c1fcc80e\"><strong>If you have any specific needs that we should know about, please let us know so that we can better serve you.<\/strong><\/p>\n\n\n\n<p id=\"block-c5b5d104-a518-4488-9bc5-3de952b4550a\">An&nbsp;<strong>interpreter<\/strong>&nbsp;in Langue des signes qu\u00e9b\u00e9coise (LSQ) or American Sign Language (ASL) can be made available to groups wishing to visit our exhibitions with people who are deaf or hard of hearing. All activities are free. Please note that reservations must be made two weeks in advance. Please contact our staff as soon as possible, given the time required to book interpreters.<\/p>\n\n\n\n<p id=\"block-c5b5d104-a518-4488-9bc5-3de952b4550a\"><a href=\"https:\/\/galerie.uqam.ca\/en\/educational-program\/on-site\/\">See our educational program for more information.<\/a><\/p>\n<\/div><\/div>\n\n\n\n<div style=\"height:50px\" aria-hidden=\"true\" class=\"wp-block-spacer\"><\/div>\n\n\n\n<h1 class=\"wp-block-heading\" id=\"accessible-content\">Accessible content<\/h1>\n\n\n\n<p>This section brings together content designed to make the Galerie de l&#8217;UQAM&#8217;s activities more accessible to members of the Disability diversity.<\/p>\n\n\n\n<p><strong>What are these resources?<\/strong><\/p>\n\n\n\n<p>Videos in Quebec Sign Language (LSQ) and videos with descriptive subtitles describe the sounds present in the works to make them more accessible to people who are deaf or hard of hearing.<\/p>\n\n\n\n<div style=\"height:25px\" aria-hidden=\"true\" class=\"wp-block-spacer\"><\/div>\n\n\n\n<h3 class=\"wp-block-heading\">Videos in Quebec Sign Language (LSQ)<\/h3>\n\n\n\n<div style=\"height:10px\" aria-hidden=\"true\" class=\"wp-block-spacer\"><\/div>\n\n\n\n<figure class=\"wp-block-embed is-type-video is-provider-vimeo wp-block-embed-vimeo wp-embed-aspect-16-9 wp-has-aspect-ratio\"><div class=\"wp-block-embed__wrapper\">\n<iframe title=\"Capsules en Langue des signes qu\u00e9b\u00e9coise (LSQ)\" src=\"https:\/\/vimeo.com\/showcase\/5598766\/embed\" width=500 height=281 allowfullscreen frameborder=\"0\"><\/iframe>\n<\/div><\/figure>\n<\/div><\/div>\n","protected":false},"excerpt":{"rendered":"<p>Plan your visit to the Galerie de l&#8217;UQAM. The Galerie de l&#8217;UQAM is committed to improving the accessibility of its spaces for all. If you have any questions or comments regarding the Galerie de l&#8217;UQAM and accessibility, please reach out to us at galerie@uqam.ca Mandate of the Galerie de l&#8217;UQAM in Quebec Sign Language (LSQ) [&hellip;]<\/p>\n","protected":false},"author":31,"featured_media":0,"parent":0,"menu_order":0,"comment_status":"closed","ping_status":"closed","template":"","meta":{"_acf_changed":false,"_monsterinsights_skip_tracking":false,"_monsterinsights_sitenote_active":false,"_monsterinsights_sitenote_note":"","_monsterinsights_sitenote_category":0,"footnotes":""},"class_list":["post-23918","page","type-page","status-publish","hentry"],"acf":[],"yoast_head":"<!-- This site is optimized with the Yoast SEO plugin v27.5 - https:\/\/yoast.com\/product\/yoast-seo-wordpress\/ -->\n<title>Accessibility - Galerie de l&#039;UQAM<\/title>\n<meta name=\"description\" content=\"Plan your visit to the Galerie de l&#039;UQAM. Learn about the accessibility measures in place for people of the Disability diversity.\" \/>\n<meta name=\"robots\" content=\"index, follow, max-snippet:-1, max-image-preview:large, max-video-preview:-1\" \/>\n<link rel=\"canonical\" href=\"https:\/\/galerie.uqam.ca\/en\/accessibility\/\" \/>\n<meta property=\"og:locale\" content=\"en_US\" \/>\n<meta property=\"og:type\" content=\"article\" \/>\n<meta property=\"og:title\" content=\"Accessibility - Galerie de l&#039;UQAM\" \/>\n<meta property=\"og:description\" content=\"Plan your visit to the Galerie de l&#039;UQAM. Learn about the accessibility measures in place for people of the Disability diversity.\" \/>\n<meta property=\"og:url\" content=\"https:\/\/galerie.uqam.ca\/en\/accessibility\/\" \/>\n<meta property=\"og:site_name\" content=\"Galerie de l&#039;UQAM\" \/>\n<meta property=\"article:modified_time\" content=\"2024-04-06T17:37:13+00:00\" \/>\n<meta property=\"og:image\" content=\"https:\/\/galerie.uqam.ca\/wp-content\/uploads\/\/GUQAM_Vue-exterieure_2-469x704.jpg\" \/>\n<meta name=\"twitter:card\" content=\"summary_large_image\" \/>\n<meta name=\"twitter:label1\" content=\"Est. reading time\" \/>\n\t<meta name=\"twitter:data1\" content=\"7 minutes\" \/>\n<script type=\"application\/ld+json\" class=\"yoast-schema-graph\">{\"@context\":\"https:\\\/\\\/schema.org\",\"@graph\":[{\"@type\":\"WebPage\",\"@id\":\"https:\\\/\\\/galerie.uqam.ca\\\/en\\\/accessibility\\\/\",\"url\":\"https:\\\/\\\/galerie.uqam.ca\\\/en\\\/accessibility\\\/\",\"name\":\"Accessibility - Galerie de l&#039;UQAM\",\"isPartOf\":{\"@id\":\"https:\\\/\\\/galerie.uqam.ca\\\/#website\"},\"primaryImageOfPage\":{\"@id\":\"https:\\\/\\\/galerie.uqam.ca\\\/en\\\/accessibility\\\/#primaryimage\"},\"image\":{\"@id\":\"https:\\\/\\\/galerie.uqam.ca\\\/en\\\/accessibility\\\/#primaryimage\"},\"thumbnailUrl\":\"https:\\\/\\\/galerie.uqam.ca\\\/wp-content\\\/uploads\\\/\\\/GUQAM_Vue-exterieure_2-469x704.jpg\",\"datePublished\":\"2024-02-15T20:34:01+00:00\",\"dateModified\":\"2024-04-06T17:37:13+00:00\",\"description\":\"Plan your visit to the Galerie de l'UQAM. Learn about the accessibility measures in place for people of the Disability diversity.\",\"breadcrumb\":{\"@id\":\"https:\\\/\\\/galerie.uqam.ca\\\/en\\\/accessibility\\\/#breadcrumb\"},\"inLanguage\":\"en-US\",\"potentialAction\":[{\"@type\":\"ReadAction\",\"target\":[\"https:\\\/\\\/galerie.uqam.ca\\\/en\\\/accessibility\\\/\"]}]},{\"@type\":\"ImageObject\",\"inLanguage\":\"en-US\",\"@id\":\"https:\\\/\\\/galerie.uqam.ca\\\/en\\\/accessibility\\\/#primaryimage\",\"url\":\"https:\\\/\\\/galerie.uqam.ca\\\/wp-content\\\/uploads\\\/\\\/GUQAM_Vue-exterieure_2-469x704.jpg\",\"contentUrl\":\"https:\\\/\\\/galerie.uqam.ca\\\/wp-content\\\/uploads\\\/\\\/GUQAM_Vue-exterieure_2-469x704.jpg\"},{\"@type\":\"BreadcrumbList\",\"@id\":\"https:\\\/\\\/galerie.uqam.ca\\\/en\\\/accessibility\\\/#breadcrumb\",\"itemListElement\":[{\"@type\":\"ListItem\",\"position\":1,\"name\":\"Home\",\"item\":\"https:\\\/\\\/galerie.uqam.ca\\\/\"},{\"@type\":\"ListItem\",\"position\":2,\"name\":\"Accessibility\"}]},{\"@type\":\"WebSite\",\"@id\":\"https:\\\/\\\/galerie.uqam.ca\\\/#website\",\"url\":\"https:\\\/\\\/galerie.uqam.ca\\\/\",\"name\":\"Galerie de l&#039;UQAM\",\"description\":\"La Galerie de l\u2019UQAM est une galerie universitaire d\u00e9di\u00e9e \u00e0 l\u2019art contemporain.\",\"publisher\":{\"@id\":\"https:\\\/\\\/galerie.uqam.ca\\\/#organization\"},\"potentialAction\":[{\"@type\":\"SearchAction\",\"target\":{\"@type\":\"EntryPoint\",\"urlTemplate\":\"https:\\\/\\\/galerie.uqam.ca\\\/?s={search_term_string}\"},\"query-input\":{\"@type\":\"PropertyValueSpecification\",\"valueRequired\":true,\"valueName\":\"search_term_string\"}}],\"inLanguage\":\"en-US\"},{\"@type\":\"Organization\",\"@id\":\"https:\\\/\\\/galerie.uqam.ca\\\/#organization\",\"name\":\"Galerie de l&#039;UQAM\",\"url\":\"https:\\\/\\\/galerie.uqam.ca\\\/\",\"logo\":{\"@type\":\"ImageObject\",\"inLanguage\":\"en-US\",\"@id\":\"https:\\\/\\\/galerie.uqam.ca\\\/#\\\/schema\\\/logo\\\/image\\\/\",\"url\":\"https:\\\/\\\/galerie.uqam.ca\\\/wp-content\\\/uploads\\\/2018\\\/02\\\/Logo_GalerieUQAM.jpg\",\"contentUrl\":\"https:\\\/\\\/galerie.uqam.ca\\\/wp-content\\\/uploads\\\/2018\\\/02\\\/Logo_GalerieUQAM.jpg\",\"width\":1105,\"height\":1537,\"caption\":\"Galerie de l&#039;UQAM\"},\"image\":{\"@id\":\"https:\\\/\\\/galerie.uqam.ca\\\/#\\\/schema\\\/logo\\\/image\\\/\"}}]}<\/script>\n<!-- \/ Yoast SEO plugin. -->","yoast_head_json":{"title":"Accessibility - Galerie de l&#039;UQAM","description":"Plan your visit to the Galerie de l'UQAM. Learn about the accessibility measures in place for people of the Disability diversity.","robots":{"index":"index","follow":"follow","max-snippet":"max-snippet:-1","max-image-preview":"max-image-preview:large","max-video-preview":"max-video-preview:-1"},"canonical":"https:\/\/galerie.uqam.ca\/en\/accessibility\/","og_locale":"en_US","og_type":"article","og_title":"Accessibility - Galerie de l&#039;UQAM","og_description":"Plan your visit to the Galerie de l'UQAM. Learn about the accessibility measures in place for people of the Disability diversity.","og_url":"https:\/\/galerie.uqam.ca\/en\/accessibility\/","og_site_name":"Galerie de l&#039;UQAM","article_modified_time":"2024-04-06T17:37:13+00:00","og_image":[{"url":"https:\/\/galerie.uqam.ca\/wp-content\/uploads\/\/GUQAM_Vue-exterieure_2-469x704.jpg","type":"","width":"","height":""}],"twitter_card":"summary_large_image","twitter_misc":{"Est. reading time":"7 minutes"},"schema":{"@context":"https:\/\/schema.org","@graph":[{"@type":"WebPage","@id":"https:\/\/galerie.uqam.ca\/en\/accessibility\/","url":"https:\/\/galerie.uqam.ca\/en\/accessibility\/","name":"Accessibility - Galerie de l&#039;UQAM","isPartOf":{"@id":"https:\/\/galerie.uqam.ca\/#website"},"primaryImageOfPage":{"@id":"https:\/\/galerie.uqam.ca\/en\/accessibility\/#primaryimage"},"image":{"@id":"https:\/\/galerie.uqam.ca\/en\/accessibility\/#primaryimage"},"thumbnailUrl":"https:\/\/galerie.uqam.ca\/wp-content\/uploads\/\/GUQAM_Vue-exterieure_2-469x704.jpg","datePublished":"2024-02-15T20:34:01+00:00","dateModified":"2024-04-06T17:37:13+00:00","description":"Plan your visit to the Galerie de l'UQAM. Learn about the accessibility measures in place for people of the Disability diversity.","breadcrumb":{"@id":"https:\/\/galerie.uqam.ca\/en\/accessibility\/#breadcrumb"},"inLanguage":"en-US","potentialAction":[{"@type":"ReadAction","target":["https:\/\/galerie.uqam.ca\/en\/accessibility\/"]}]},{"@type":"ImageObject","inLanguage":"en-US","@id":"https:\/\/galerie.uqam.ca\/en\/accessibility\/#primaryimage","url":"https:\/\/galerie.uqam.ca\/wp-content\/uploads\/\/GUQAM_Vue-exterieure_2-469x704.jpg","contentUrl":"https:\/\/galerie.uqam.ca\/wp-content\/uploads\/\/GUQAM_Vue-exterieure_2-469x704.jpg"},{"@type":"BreadcrumbList","@id":"https:\/\/galerie.uqam.ca\/en\/accessibility\/#breadcrumb","itemListElement":[{"@type":"ListItem","position":1,"name":"Home","item":"https:\/\/galerie.uqam.ca\/"},{"@type":"ListItem","position":2,"name":"Accessibility"}]},{"@type":"WebSite","@id":"https:\/\/galerie.uqam.ca\/#website","url":"https:\/\/galerie.uqam.ca\/","name":"Galerie de l&#039;UQAM","description":"La Galerie de l\u2019UQAM est une galerie universitaire d\u00e9di\u00e9e \u00e0 l\u2019art contemporain.","publisher":{"@id":"https:\/\/galerie.uqam.ca\/#organization"},"potentialAction":[{"@type":"SearchAction","target":{"@type":"EntryPoint","urlTemplate":"https:\/\/galerie.uqam.ca\/?s={search_term_string}"},"query-input":{"@type":"PropertyValueSpecification","valueRequired":true,"valueName":"search_term_string"}}],"inLanguage":"en-US"},{"@type":"Organization","@id":"https:\/\/galerie.uqam.ca\/#organization","name":"Galerie de l&#039;UQAM","url":"https:\/\/galerie.uqam.ca\/","logo":{"@type":"ImageObject","inLanguage":"en-US","@id":"https:\/\/galerie.uqam.ca\/#\/schema\/logo\/image\/","url":"https:\/\/galerie.uqam.ca\/wp-content\/uploads\/2018\/02\/Logo_GalerieUQAM.jpg","contentUrl":"https:\/\/galerie.uqam.ca\/wp-content\/uploads\/2018\/02\/Logo_GalerieUQAM.jpg","width":1105,"height":1537,"caption":"Galerie de l&#039;UQAM"},"image":{"@id":"https:\/\/galerie.uqam.ca\/#\/schema\/logo\/image\/"}}]}},"_links":{"self":[{"href":"https:\/\/galerie.uqam.ca\/en\/wp-json\/wp\/v2\/pages\/23918","targetHints":{"allow":["GET"]}}],"collection":[{"href":"https:\/\/galerie.uqam.ca\/en\/wp-json\/wp\/v2\/pages"}],"about":[{"href":"https:\/\/galerie.uqam.ca\/en\/wp-json\/wp\/v2\/types\/page"}],"author":[{"embeddable":true,"href":"https:\/\/galerie.uqam.ca\/en\/wp-json\/wp\/v2\/users\/31"}],"replies":[{"embeddable":true,"href":"https:\/\/galerie.uqam.ca\/en\/wp-json\/wp\/v2\/comments?post=23918"}],"version-history":[{"count":5,"href":"https:\/\/galerie.uqam.ca\/en\/wp-json\/wp\/v2\/pages\/23918\/revisions"}],"predecessor-version":[{"id":24006,"href":"https:\/\/galerie.uqam.ca\/en\/wp-json\/wp\/v2\/pages\/23918\/revisions\/24006"}],"wp:attachment":[{"href":"https:\/\/galerie.uqam.ca\/en\/wp-json\/wp\/v2\/media?parent=23918"}],"curies":[{"name":"wp","href":"https:\/\/api.w.org\/{rel}","templated":true}]}}