{"id":16451,"date":"2021-07-20T15:55:40","date_gmt":"2021-07-20T19:55:40","guid":{"rendered":"https:\/\/galerie.uqam.ca\/educational-program\/en-salle\/"},"modified":"2023-11-24T14:05:13","modified_gmt":"2023-11-24T19:05:13","slug":"on-site","status":"publish","type":"page","link":"https:\/\/galerie.uqam.ca\/en\/educational-program\/on-site\/","title":{"rendered":"On-site"},"content":{"rendered":"\n<figure class=\"wp-block-gallery columns-3 is-cropped wp-block-gallery-1 is-layout-flex wp-block-gallery-is-layout-flex\"><ul class=\"blocks-gallery-grid\"><li class=\"blocks-gallery-item\"><figure><img loading=\"lazy\" decoding=\"async\" width=\"1052\" height=\"704\" src=\"https:\/\/galerie.uqam.ca\/wp-content\/uploads\/\/Offre-educative-salle3-1052x704.jpg\" alt=\"\" data-id=\"16613\" data-full-url=\"https:\/\/galerie.uqam.ca\/wp-content\/uploads\/Offre-educative-salle3-scaled.jpg\" data-link=\"https:\/\/galerie.uqam.ca\/offre-educative\/visites-en-salle\/attachment\/offre-educative-salle3\/\" class=\"wp-image-16613\" srcset=\"https:\/\/galerie.uqam.ca\/wp-content\/uploads\/Offre-educative-salle3-1052x704.jpg 1052w, https:\/\/galerie.uqam.ca\/wp-content\/uploads\/Offre-educative-salle3-468x313.jpg 468w, https:\/\/galerie.uqam.ca\/wp-content\/uploads\/Offre-educative-salle3-204x136.jpg 204w, https:\/\/galerie.uqam.ca\/wp-content\/uploads\/Offre-educative-salle3-768x514.jpg 768w, https:\/\/galerie.uqam.ca\/wp-content\/uploads\/Offre-educative-salle3-1536x1028.jpg 1536w, https:\/\/galerie.uqam.ca\/wp-content\/uploads\/Offre-educative-salle3-2048x1370.jpg 2048w, https:\/\/galerie.uqam.ca\/wp-content\/uploads\/Offre-educative-salle3-336x225.jpg 336w\" sizes=\"auto, (max-width: 1052px) 100vw, 1052px\" \/><figcaption class=\"blocks-gallery-item__caption\">Guided tour of&nbsp;<em>Yann Pocreau. Patrimoines<\/em>, 2016<\/figcaption><\/figure><\/li><li class=\"blocks-gallery-item\"><figure><img loading=\"lazy\" decoding=\"async\" width=\"660\" height=\"441\" src=\"https:\/\/galerie.uqam.ca\/wp-content\/uploads\/Offre-educative-salle2-1.jpg\" alt=\"\" data-id=\"16615\" data-full-url=\"https:\/\/galerie.uqam.ca\/wp-content\/uploads\/Offre-educative-salle2-1.jpg\" data-link=\"https:\/\/galerie.uqam.ca\/offre-educative\/visites-en-salle\/attachment\/version-2-2\/\" class=\"wp-image-16616\" srcset=\"https:\/\/galerie.uqam.ca\/wp-content\/uploads\/Offre-educative-salle2-1.jpg 660w, https:\/\/galerie.uqam.ca\/wp-content\/uploads\/Offre-educative-salle2-1-468x313.jpg 468w, https:\/\/galerie.uqam.ca\/wp-content\/uploads\/Offre-educative-salle2-1-204x136.jpg 204w, https:\/\/galerie.uqam.ca\/wp-content\/uploads\/Offre-educative-salle2-1-336x225.jpg 336w\" sizes=\"auto, (max-width: 660px) 100vw, 660px\" \/><figcaption class=\"blocks-gallery-item__caption\">Pr\u00e9sentation of La Petite collection to a group of students from \u00c9cole des arts visuels et m\u00e9diatiques (UQAM)<\/figcaption><\/figure><\/li><li class=\"blocks-gallery-item\"><figure><img loading=\"lazy\" decoding=\"async\" width=\"1052\" height=\"704\" src=\"https:\/\/galerie.uqam.ca\/wp-content\/uploads\/\/Offre-educative-salle1-1052x704.jpg\" alt=\"\" data-id=\"16609\" data-full-url=\"https:\/\/galerie.uqam.ca\/wp-content\/uploads\/Offre-educative-salle1-scaled.jpg\" data-link=\"https:\/\/galerie.uqam.ca\/offre-educative\/visites-en-salle\/attachment\/offre-educative-salle1\/\" class=\"wp-image-16609\" srcset=\"https:\/\/galerie.uqam.ca\/wp-content\/uploads\/Offre-educative-salle1-1052x704.jpg 1052w, https:\/\/galerie.uqam.ca\/wp-content\/uploads\/Offre-educative-salle1-468x313.jpg 468w, https:\/\/galerie.uqam.ca\/wp-content\/uploads\/Offre-educative-salle1-204x136.jpg 204w, https:\/\/galerie.uqam.ca\/wp-content\/uploads\/Offre-educative-salle1-768x514.jpg 768w, https:\/\/galerie.uqam.ca\/wp-content\/uploads\/Offre-educative-salle1-1536x1028.jpg 1536w, https:\/\/galerie.uqam.ca\/wp-content\/uploads\/Offre-educative-salle1-2048x1370.jpg 2048w, https:\/\/galerie.uqam.ca\/wp-content\/uploads\/Offre-educative-salle1-336x225.jpg 336w\" sizes=\"auto, (max-width: 1052px) 100vw, 1052px\" \/><figcaption class=\"blocks-gallery-item__caption\">Guided tour of&nbsp;<em>Luis Jacob<\/em>, 2016<\/figcaption><\/figure><\/li><\/ul><\/figure>\n\n\n\n<p><\/p>\n\n\n\n<p>Our mediators look forward to taking you and your group on&nbsp;<strong>guided tours of our exhibitions<\/strong>. These visits are intended to highlight the thematic, formal and conceptual issues of the works presented at the Galerie. They are also intended to introduce Galerie de l\u2019UQAM\u2019s mandate and the primary role of university galleries in the ecology of the visual arts scene. The tours are&nbsp;<strong>flexible and open to all school and community groups<\/strong>. They usually last about 1 hour and can be adapted to meet particular needs and to complement material covered in the classroom.<\/p>\n\n\n\n<p>In addition, Galerie de l\u2019UQAM can&nbsp;<strong>host your conferences<\/strong>&nbsp;or work sessions in its exhibition galleries, surrounded by the artworks.<\/p>\n\n\n\n<p>We also offer several&nbsp;<strong>complementary workshops<\/strong>&nbsp;aimed at familiarizing your students with different issues related to contemporary art and museology:<\/p>\n\n\n\n<ul class=\"wp-block-list\">\n<li>the <a href=\"https:\/\/galerie.uqam.ca\/en\/contact\/mandate\/\">mandate<\/a> and role of a university gallery<\/li>\n\n\n\n<li>the&nbsp;<a href=\"https:\/\/galerie.uqam.ca\/en\/oeuvres\/?collection=collection-uqam\">Collection d\u2019\u0153uvres d\u2019art de l\u2019UQAM<\/a>: management, inventory, acquisition<\/li>\n\n\n\n<li>the Petite Collection: foray into the world of artists\u2019 multiples<\/li>\n\n\n\n<li>other workshops can be developed upon request.<\/li>\n<\/ul>\n\n\n\n<p>An&nbsp;<strong>interpreter<\/strong>&nbsp;in Langue des signes qu\u00e9b\u00e9coise (LSQ) or American Sign Language (ASL) can be made available to groups wishing to visit our exhibitions with people who are deaf or hard of hearing. Please contact our staff as soon as possible, given the time required to book interpreters.<\/p>\n\n\n\n<p><strong>These activities are available anytime, in French or English, free of charge.<\/strong><\/p>\n\n\n\n<p>Groups wishing to visit our exhibitions without a mediator are asked to contact the Galerie beforehand so that their arrival can be planned.<\/p>\n\n\n\n<p>Please follow&nbsp;<a href=\"https:\/\/ofsys.com\/T\/WF\/4951\/LtC8hU\/Optin\/en-US\/Form.ofsys\" target=\"_blank\" rel=\"noopener\">this link&nbsp;<\/a>to subscribe to our mailing lists and receive details on Galerie de l\u2019UQAM\u2019s educational activities.<\/p>\n\n\n\n<p><strong>Information and reservations<\/strong><\/p>\n\n\n\n<p>L\u00e9a Lanthier-Lapierre<br>Cultural Mediation and Communications Coordinator<br>Galerie de l&#8217;UQAM<br><a href=\"mailto:lanthier-lapierre.lea@uqam.ca\">lanthier-lapierre.lea@uqam.ca<\/a><br>514 987-3000 ext. 20959<br><\/p>\n","protected":false},"excerpt":{"rendered":"<p>Our mediators look forward to taking you and your group on&nbsp;guided tours of our exhibitions. These visits are intended to highlight the thematic, formal and conceptual issues of the works presented at the Galerie. They are also intended to introduce Galerie de l\u2019UQAM\u2019s mandate and the primary role of university galleries in the ecology of [&hellip;]<\/p>\n","protected":false},"author":1,"featured_media":0,"parent":2274,"menu_order":0,"comment_status":"closed","ping_status":"closed","template":"","meta":{"_acf_changed":false,"_monsterinsights_skip_tracking":false,"_monsterinsights_sitenote_active":false,"_monsterinsights_sitenote_note":"","_monsterinsights_sitenote_category":0,"footnotes":""},"class_list":["post-16451","page","type-page","status-publish","hentry"],"acf":[],"yoast_head":"<!-- This site is optimized with the Yoast SEO plugin v27.5 - https:\/\/yoast.com\/product\/yoast-seo-wordpress\/ -->\n<title>On-site - Galerie de l&#039;UQAM<\/title>\n<meta name=\"robots\" content=\"index, follow, max-snippet:-1, max-image-preview:large, max-video-preview:-1\" \/>\n<link rel=\"canonical\" href=\"https:\/\/galerie.uqam.ca\/en\/educational-program\/on-site\/\" \/>\n<meta property=\"og:locale\" content=\"en_US\" \/>\n<meta property=\"og:type\" content=\"article\" \/>\n<meta property=\"og:title\" content=\"On-site - Galerie de l&#039;UQAM\" \/>\n<meta property=\"og:description\" content=\"Our mediators look forward to taking you and your group on&nbsp;guided tours of our exhibitions. These visits are intended to highlight the thematic, formal and conceptual issues of the works presented at the Galerie. They are also intended to introduce Galerie de l\u2019UQAM\u2019s mandate and the primary role of university galleries in the ecology of [&hellip;]\" \/>\n<meta property=\"og:url\" content=\"https:\/\/galerie.uqam.ca\/en\/educational-program\/on-site\/\" \/>\n<meta property=\"og:site_name\" content=\"Galerie de l&#039;UQAM\" \/>\n<meta property=\"article:modified_time\" content=\"2023-11-24T19:05:13+00:00\" \/>\n<meta property=\"og:image\" content=\"https:\/\/galerie.uqam.ca\/wp-content\/uploads\/\/Offre-educative-salle3-1052x704.jpg\" \/>\n<meta name=\"twitter:card\" content=\"summary_large_image\" \/>\n<meta name=\"twitter:label1\" content=\"Est. reading time\" \/>\n\t<meta name=\"twitter:data1\" content=\"3 minutes\" \/>\n<script type=\"application\/ld+json\" class=\"yoast-schema-graph\">{\"@context\":\"https:\\\/\\\/schema.org\",\"@graph\":[{\"@type\":\"WebPage\",\"@id\":\"https:\\\/\\\/galerie.uqam.ca\\\/en\\\/educational-program\\\/on-site\\\/\",\"url\":\"https:\\\/\\\/galerie.uqam.ca\\\/en\\\/educational-program\\\/on-site\\\/\",\"name\":\"On-site - Galerie de l&#039;UQAM\",\"isPartOf\":{\"@id\":\"https:\\\/\\\/galerie.uqam.ca\\\/#website\"},\"primaryImageOfPage\":{\"@id\":\"https:\\\/\\\/galerie.uqam.ca\\\/en\\\/educational-program\\\/on-site\\\/#primaryimage\"},\"image\":{\"@id\":\"https:\\\/\\\/galerie.uqam.ca\\\/en\\\/educational-program\\\/on-site\\\/#primaryimage\"},\"thumbnailUrl\":\"https:\\\/\\\/galerie.uqam.ca\\\/wp-content\\\/uploads\\\/\\\/Offre-educative-salle3-1052x704.jpg\",\"datePublished\":\"2021-07-20T19:55:40+00:00\",\"dateModified\":\"2023-11-24T19:05:13+00:00\",\"breadcrumb\":{\"@id\":\"https:\\\/\\\/galerie.uqam.ca\\\/en\\\/educational-program\\\/on-site\\\/#breadcrumb\"},\"inLanguage\":\"en-US\",\"potentialAction\":[{\"@type\":\"ReadAction\",\"target\":[\"https:\\\/\\\/galerie.uqam.ca\\\/en\\\/educational-program\\\/on-site\\\/\"]}]},{\"@type\":\"ImageObject\",\"inLanguage\":\"en-US\",\"@id\":\"https:\\\/\\\/galerie.uqam.ca\\\/en\\\/educational-program\\\/on-site\\\/#primaryimage\",\"url\":\"https:\\\/\\\/galerie.uqam.ca\\\/wp-content\\\/uploads\\\/\\\/Offre-educative-salle3-1052x704.jpg\",\"contentUrl\":\"https:\\\/\\\/galerie.uqam.ca\\\/wp-content\\\/uploads\\\/\\\/Offre-educative-salle3-1052x704.jpg\"},{\"@type\":\"BreadcrumbList\",\"@id\":\"https:\\\/\\\/galerie.uqam.ca\\\/en\\\/educational-program\\\/on-site\\\/#breadcrumb\",\"itemListElement\":[{\"@type\":\"ListItem\",\"position\":1,\"name\":\"Home\",\"item\":\"https:\\\/\\\/galerie.uqam.ca\\\/\"},{\"@type\":\"ListItem\",\"position\":2,\"name\":\"Educational program\",\"item\":\"https:\\\/\\\/galerie.uqam.ca\\\/en\\\/educational-program\\\/\"},{\"@type\":\"ListItem\",\"position\":3,\"name\":\"On-site\"}]},{\"@type\":\"WebSite\",\"@id\":\"https:\\\/\\\/galerie.uqam.ca\\\/#website\",\"url\":\"https:\\\/\\\/galerie.uqam.ca\\\/\",\"name\":\"Galerie de l&#039;UQAM\",\"description\":\"La Galerie de l\u2019UQAM est une galerie universitaire d\u00e9di\u00e9e \u00e0 l\u2019art contemporain.\",\"publisher\":{\"@id\":\"https:\\\/\\\/galerie.uqam.ca\\\/#organization\"},\"potentialAction\":[{\"@type\":\"SearchAction\",\"target\":{\"@type\":\"EntryPoint\",\"urlTemplate\":\"https:\\\/\\\/galerie.uqam.ca\\\/?s={search_term_string}\"},\"query-input\":{\"@type\":\"PropertyValueSpecification\",\"valueRequired\":true,\"valueName\":\"search_term_string\"}}],\"inLanguage\":\"en-US\"},{\"@type\":\"Organization\",\"@id\":\"https:\\\/\\\/galerie.uqam.ca\\\/#organization\",\"name\":\"Galerie de l&#039;UQAM\",\"url\":\"https:\\\/\\\/galerie.uqam.ca\\\/\",\"logo\":{\"@type\":\"ImageObject\",\"inLanguage\":\"en-US\",\"@id\":\"https:\\\/\\\/galerie.uqam.ca\\\/#\\\/schema\\\/logo\\\/image\\\/\",\"url\":\"https:\\\/\\\/galerie.uqam.ca\\\/wp-content\\\/uploads\\\/2018\\\/02\\\/Logo_GalerieUQAM.jpg\",\"contentUrl\":\"https:\\\/\\\/galerie.uqam.ca\\\/wp-content\\\/uploads\\\/2018\\\/02\\\/Logo_GalerieUQAM.jpg\",\"width\":1105,\"height\":1537,\"caption\":\"Galerie de l&#039;UQAM\"},\"image\":{\"@id\":\"https:\\\/\\\/galerie.uqam.ca\\\/#\\\/schema\\\/logo\\\/image\\\/\"}}]}<\/script>\n<!-- \/ Yoast SEO plugin. -->","yoast_head_json":{"title":"On-site - Galerie de l&#039;UQAM","robots":{"index":"index","follow":"follow","max-snippet":"max-snippet:-1","max-image-preview":"max-image-preview:large","max-video-preview":"max-video-preview:-1"},"canonical":"https:\/\/galerie.uqam.ca\/en\/educational-program\/on-site\/","og_locale":"en_US","og_type":"article","og_title":"On-site - Galerie de l&#039;UQAM","og_description":"Our mediators look forward to taking you and your group on&nbsp;guided tours of our exhibitions. These visits are intended to highlight the thematic, formal and conceptual issues of the works presented at the Galerie. They are also intended to introduce Galerie de l\u2019UQAM\u2019s mandate and the primary role of university galleries in the ecology of [&hellip;]","og_url":"https:\/\/galerie.uqam.ca\/en\/educational-program\/on-site\/","og_site_name":"Galerie de l&#039;UQAM","article_modified_time":"2023-11-24T19:05:13+00:00","og_image":[{"url":"https:\/\/galerie.uqam.ca\/wp-content\/uploads\/\/Offre-educative-salle3-1052x704.jpg","type":"","width":"","height":""}],"twitter_card":"summary_large_image","twitter_misc":{"Est. reading time":"3 minutes"},"schema":{"@context":"https:\/\/schema.org","@graph":[{"@type":"WebPage","@id":"https:\/\/galerie.uqam.ca\/en\/educational-program\/on-site\/","url":"https:\/\/galerie.uqam.ca\/en\/educational-program\/on-site\/","name":"On-site - Galerie de l&#039;UQAM","isPartOf":{"@id":"https:\/\/galerie.uqam.ca\/#website"},"primaryImageOfPage":{"@id":"https:\/\/galerie.uqam.ca\/en\/educational-program\/on-site\/#primaryimage"},"image":{"@id":"https:\/\/galerie.uqam.ca\/en\/educational-program\/on-site\/#primaryimage"},"thumbnailUrl":"https:\/\/galerie.uqam.ca\/wp-content\/uploads\/\/Offre-educative-salle3-1052x704.jpg","datePublished":"2021-07-20T19:55:40+00:00","dateModified":"2023-11-24T19:05:13+00:00","breadcrumb":{"@id":"https:\/\/galerie.uqam.ca\/en\/educational-program\/on-site\/#breadcrumb"},"inLanguage":"en-US","potentialAction":[{"@type":"ReadAction","target":["https:\/\/galerie.uqam.ca\/en\/educational-program\/on-site\/"]}]},{"@type":"ImageObject","inLanguage":"en-US","@id":"https:\/\/galerie.uqam.ca\/en\/educational-program\/on-site\/#primaryimage","url":"https:\/\/galerie.uqam.ca\/wp-content\/uploads\/\/Offre-educative-salle3-1052x704.jpg","contentUrl":"https:\/\/galerie.uqam.ca\/wp-content\/uploads\/\/Offre-educative-salle3-1052x704.jpg"},{"@type":"BreadcrumbList","@id":"https:\/\/galerie.uqam.ca\/en\/educational-program\/on-site\/#breadcrumb","itemListElement":[{"@type":"ListItem","position":1,"name":"Home","item":"https:\/\/galerie.uqam.ca\/"},{"@type":"ListItem","position":2,"name":"Educational program","item":"https:\/\/galerie.uqam.ca\/en\/educational-program\/"},{"@type":"ListItem","position":3,"name":"On-site"}]},{"@type":"WebSite","@id":"https:\/\/galerie.uqam.ca\/#website","url":"https:\/\/galerie.uqam.ca\/","name":"Galerie de l&#039;UQAM","description":"La Galerie de l\u2019UQAM est une galerie universitaire d\u00e9di\u00e9e \u00e0 l\u2019art contemporain.","publisher":{"@id":"https:\/\/galerie.uqam.ca\/#organization"},"potentialAction":[{"@type":"SearchAction","target":{"@type":"EntryPoint","urlTemplate":"https:\/\/galerie.uqam.ca\/?s={search_term_string}"},"query-input":{"@type":"PropertyValueSpecification","valueRequired":true,"valueName":"search_term_string"}}],"inLanguage":"en-US"},{"@type":"Organization","@id":"https:\/\/galerie.uqam.ca\/#organization","name":"Galerie de l&#039;UQAM","url":"https:\/\/galerie.uqam.ca\/","logo":{"@type":"ImageObject","inLanguage":"en-US","@id":"https:\/\/galerie.uqam.ca\/#\/schema\/logo\/image\/","url":"https:\/\/galerie.uqam.ca\/wp-content\/uploads\/2018\/02\/Logo_GalerieUQAM.jpg","contentUrl":"https:\/\/galerie.uqam.ca\/wp-content\/uploads\/2018\/02\/Logo_GalerieUQAM.jpg","width":1105,"height":1537,"caption":"Galerie de l&#039;UQAM"},"image":{"@id":"https:\/\/galerie.uqam.ca\/#\/schema\/logo\/image\/"}}]}},"_links":{"self":[{"href":"https:\/\/galerie.uqam.ca\/en\/wp-json\/wp\/v2\/pages\/16451","targetHints":{"allow":["GET"]}}],"collection":[{"href":"https:\/\/galerie.uqam.ca\/en\/wp-json\/wp\/v2\/pages"}],"about":[{"href":"https:\/\/galerie.uqam.ca\/en\/wp-json\/wp\/v2\/types\/page"}],"author":[{"embeddable":true,"href":"https:\/\/galerie.uqam.ca\/en\/wp-json\/wp\/v2\/users\/1"}],"replies":[{"embeddable":true,"href":"https:\/\/galerie.uqam.ca\/en\/wp-json\/wp\/v2\/comments?post=16451"}],"version-history":[{"count":18,"href":"https:\/\/galerie.uqam.ca\/en\/wp-json\/wp\/v2\/pages\/16451\/revisions"}],"predecessor-version":[{"id":23607,"href":"https:\/\/galerie.uqam.ca\/en\/wp-json\/wp\/v2\/pages\/16451\/revisions\/23607"}],"up":[{"embeddable":true,"href":"https:\/\/galerie.uqam.ca\/en\/wp-json\/wp\/v2\/pages\/2274"}],"wp:attachment":[{"href":"https:\/\/galerie.uqam.ca\/en\/wp-json\/wp\/v2\/media?parent=16451"}],"curies":[{"name":"wp","href":"https:\/\/api.w.org\/{rel}","templated":true}]}}